{"id":26,"date":"2023-04-20T11:35:06","date_gmt":"2023-04-20T11:35:06","guid":{"rendered":"https:\/\/trailannecy.fr\/?page_id=26"},"modified":"2026-04-03T13:08:08","modified_gmt":"2026-04-03T13:08:08","slug":"parcours","status":"publish","type":"page","link":"https:\/\/trailannecy.fr\/?page_id=26","title":{"rendered":"Courses"},"content":{"rendered":"\n<h3 class=\"wp-block-heading has-text-align-center\">D\u00e9couvrez nos <mark style=\"background-color:rgba(0, 0, 0, 0)\" class=\"has-inline-color has-secondary-color\"><strong>9 courses<\/strong><\/mark> au programme de ce Trail d&rsquo;Annecy-Les Glaisins (Le city Trail 10km en duo, 10 km, 23 km, 37 km et les 5 courses jeunes)<\/h3>\n\n\n\n<p class=\"has-text-align-center\"> 2 de nos courses sont labellis\u00e9es FFA Trail et qualificatives au Championnat de France de Trail !<\/p>\n\n\n\n<p class=\"has-text-align-center\">Avant de vous inscrire, nous vous invitons \u00e0 prendre connaissance du <mark style=\"background-color:rgba(0, 0, 0, 0)\" class=\"has-inline-color has-secondary-color\"><a href=\"https:\/\/drive.google.com\/file\/d\/1V_b-DeEeogmzG5zidp7gziY0CbuuXLl8\/view?usp=drive_link\" target=\"_blank\" rel=\"noreferrer noopener\">r\u00e8glement de notre \u00e9v\u00e9nement <\/a><\/mark><\/p>\n\n\n\n<div style=\"height:44px\" aria-hidden=\"true\" class=\"wp-block-spacer\"><\/div>\n\n\n\n<div class=\"wp-block-columns alignwide is-layout-flex wp-container-core-columns-is-layout-28f84493 wp-block-columns-is-layout-flex\">\n<div class=\"wp-block-column is-layout-flow wp-block-column-is-layout-flow\">\n<figure class=\"wp-block-image size-full\"><img loading=\"lazy\" decoding=\"async\" width=\"2560\" height=\"1707\" src=\"https:\/\/trailannecy.fr\/wp-content\/uploads\/2024\/11\/08-55-45-LUCVCTPHOTO-GLAISINS-18K-2-scaled.jpg\" alt=\"\" class=\"wp-image-507\" srcset=\"https:\/\/trailannecy.fr\/wp-content\/uploads\/2024\/11\/08-55-45-LUCVCTPHOTO-GLAISINS-18K-2-scaled.jpg 2560w, https:\/\/trailannecy.fr\/wp-content\/uploads\/2024\/11\/08-55-45-LUCVCTPHOTO-GLAISINS-18K-2-300x200.jpg 300w, https:\/\/trailannecy.fr\/wp-content\/uploads\/2024\/11\/08-55-45-LUCVCTPHOTO-GLAISINS-18K-2-1024x683.jpg 1024w, https:\/\/trailannecy.fr\/wp-content\/uploads\/2024\/11\/08-55-45-LUCVCTPHOTO-GLAISINS-18K-2-2000x1333.jpg 2000w\" sizes=\"auto, (max-width: 2560px) 100vw, 2560px\" \/><\/figure>\n\n\n\n<p class=\"has-black-color has-text-color has-large-font-size\"><strong>LE BARET<\/strong> (37 km)<\/p>\n\n\n\n<ul class=\"wp-block-list\">\n<li><mark style=\"background-color:rgba(0, 0, 0, 0)\" class=\"has-inline-color has-secondary-color\">Distance : <\/mark>37,24 km<\/li>\n\n\n\n<li><mark style=\"background-color:rgba(0, 0, 0, 0)\" class=\"has-inline-color has-secondary-color\">D+&nbsp;: <\/mark>2 400 m&nbsp;&nbsp;<\/li>\n\n\n\n<li><mark style=\"background-color:rgba(0, 0, 0, 0)\" class=\"has-inline-color has-secondary-color\">\u00c2ge : <\/mark>\u00e0 partir de la cat\u00e9gorie U23 (n\u00e9s en 2006 et avant)<\/li>\n\n\n\n<li><mark style=\"background-color:rgba(0, 0, 0, 0)\" class=\"has-inline-color has-secondary-color\">Effectif :<\/mark> limit\u00e9 \u00e0 620 participants&nbsp;(dont 20 invit\u00e9s)<\/li>\n\n\n\n<li><mark style=\"background-color:rgba(0, 0, 0, 0)\" class=\"has-inline-color has-secondary-color\">D\u00e9part : <\/mark><strong>Dimanche<\/strong> &#8211; 8h00<\/li>\n\n\n\n<li><mark style=\"background-color:rgba(0, 0, 0, 0)\" class=\"has-inline-color has-secondary-color\">Barri\u00e8re horaire : <\/mark>porte horaire (13h00, km 25) avec r\u00e9orientation sur un parcours \u00e9court\u00e9 et une p\u00e9nalit\u00e9 de temps, retour assur\u00e9 par le club en minibus<\/li>\n\n\n\n<li><mark style=\"background-color:rgba(0, 0, 0, 0)\" class=\"has-inline-color has-secondary-color\">Ravitaillement :<\/mark> 4 (9\u00e8, 16\u00e8, 25\u00e8 + arriv\u00e9e)<\/li>\n\n\n\n<li><mark style=\"background-color:rgba(0, 0, 0, 0)\" class=\"has-inline-color has-secondary-color\">Tarifs :<\/mark> 45 euros I NB : 2,5 euros de r\u00e9duction pour les licenci\u00e9s FFA<\/li>\n\n\n\n<li><mark style=\"background-color:rgba(0, 0, 0, 0)\" class=\"has-inline-color has-secondary-color\">Le + :<\/mark> Course labellis\u00e9e FFA Trail Bronze, qualificative pour les Championnats de France Long<\/li>\n<\/ul>\n\n\n\n<div class=\"wp-block-buttons alignwide is-content-justification-center is-layout-flex wp-container-core-buttons-is-layout-a89b3969 wp-block-buttons-is-layout-flex\">\n<div class=\"wp-block-button has-custom-width wp-block-button__width-50 is-style-outline is-style-outline--1\"><a class=\"wp-block-button__link has-small-font-size has-custom-font-size wp-element-button\" href=\"https:\/\/tracedetrail.fr\/fr\/trace\/335308\">Trac\u00e9 GPX 2026<\/a><\/div>\n\n\n\n<div class=\"wp-block-button has-custom-width wp-block-button__width-50 is-style-outline is-style-outline--2\"><a class=\"wp-block-button__link has-small-font-size has-custom-font-size wp-element-button\" href=\"https:\/\/in.njuko.com\/hardloop-trail-annecy-les-glaisins-2026\">S&rsquo;inscrire<\/a><\/div>\n<\/div>\n<\/div>\n\n\n\n<div class=\"wp-block-column is-layout-flow wp-block-column-is-layout-flow\">\n<figure class=\"wp-block-image size-full\"><img loading=\"lazy\" decoding=\"async\" width=\"1350\" height=\"900\" src=\"https:\/\/trailannecy.fr\/wp-content\/uploads\/2025\/11\/489327412_9476983525711237_803817192099182586_n.jpg\" alt=\"\" class=\"wp-image-795\" srcset=\"https:\/\/trailannecy.fr\/wp-content\/uploads\/2025\/11\/489327412_9476983525711237_803817192099182586_n.jpg 1350w, https:\/\/trailannecy.fr\/wp-content\/uploads\/2025\/11\/489327412_9476983525711237_803817192099182586_n-300x200.jpg 300w, https:\/\/trailannecy.fr\/wp-content\/uploads\/2025\/11\/489327412_9476983525711237_803817192099182586_n-1024x683.jpg 1024w\" sizes=\"auto, (max-width: 1350px) 100vw, 1350px\" \/><\/figure>\n\n\n\n<p class=\"has-black-color has-text-color has-large-font-size\"><strong>LE VEYRIER<\/strong> (23 km)<\/p>\n\n\n\n<ul class=\"wp-block-list\">\n<li><mark style=\"background-color:rgba(0, 0, 0, 0)\" class=\"has-inline-color has-secondary-color\">Distance : <\/mark>23,13 km<\/li>\n\n\n\n<li><mark style=\"background-color:rgba(0, 0, 0, 0)\" class=\"has-inline-color has-secondary-color\">D+&nbsp;: <\/mark>1 400 m&nbsp;&nbsp;&nbsp;<\/li>\n\n\n\n<li><mark style=\"background-color:rgba(0, 0, 0, 0)\" class=\"has-inline-color has-secondary-color\">\u00c2ge :<\/mark> \u00e0 partir de la cat\u00e9gorie U23 (n\u00e9s en 2006 et avant)<\/li>\n\n\n\n<li><mark style=\"background-color:rgba(0, 0, 0, 0)\" class=\"has-inline-color has-secondary-color\">Effectif :<\/mark> limit\u00e9 \u00e0 620 participants&nbsp;(dont 20 invit\u00e9s)<\/li>\n\n\n\n<li><mark style=\"background-color:rgba(0, 0, 0, 0)\" class=\"has-inline-color has-secondary-color\">D\u00e9part : <\/mark><strong>Dimanche<\/strong> &#8211; 9h30<\/li>\n\n\n\n<li><mark style=\"background-color:rgba(0, 0, 0, 0)\" class=\"has-inline-color has-secondary-color\">Barri\u00e8re horaire : <\/mark>aucune<\/li>\n\n\n\n<li><mark style=\"background-color:rgba(0, 0, 0, 0)\" class=\"has-inline-color has-secondary-color\">Ravitaillement :<\/mark> 2 (9\u00e8 + arriv\u00e9e)<\/li>\n\n\n\n<li><mark style=\"background-color:rgba(0, 0, 0, 0)\" class=\"has-inline-color has-secondary-color\">Tarifs :<\/mark> 35 euros I NB : 2 euros de r\u00e9duction pour les licenci\u00e9s FFA<\/li>\n\n\n\n<li><mark style=\"background-color:rgba(0, 0, 0, 0)\" class=\"has-inline-color has-secondary-color\">Le + :<\/mark> Course labellis\u00e9e FFA Trail Bronze, qualificative pour les Championnats de France Court<\/li>\n\n\n\n<li><\/li>\n<\/ul>\n\n\n\n<div class=\"wp-block-buttons alignwide is-content-justification-center is-layout-flex wp-container-core-buttons-is-layout-a89b3969 wp-block-buttons-is-layout-flex\">\n<div class=\"wp-block-button is-style-outline is-style-outline--3\"><a class=\"wp-block-button__link has-small-font-size has-custom-font-size wp-element-button\" href=\"https:\/\/tracedetrail.fr\/fr\/trace\/335311\">Trac\u00e9 GPX 2026<\/a><\/div>\n\n\n\n<div class=\"wp-block-button is-style-outline is-style-outline--4\"><a class=\"wp-block-button__link has-small-font-size has-custom-font-size wp-element-button\" href=\"https:\/\/in.njuko.com\/hardloop-trail-annecy-les-glaisins-2026\">S&rsquo;inscrire<\/a><\/div>\n<\/div>\n<\/div>\n<\/div>\n\n\n\n<blockquote class=\"wp-block-quote is-layout-flow wp-block-quote-is-layout-flow\">\n<p id=\"https:\/\/tracedetrail.fr\/fr\/event\/hardloop-trail-d-annecy-2026\"><a href=\"https:\/\/tracedetrail.fr\/fr\/event\/hardloop-trail-d-annecy-2026\">Trac\u00e9s 2026 disponibles sur Trace de Trail<\/a> (n\u00e9cessite de se cr\u00e9er un compte Trace de Trail, gratuit)<\/p>\n<\/blockquote>\n\n\n\n<div class=\"wp-block-columns alignwide is-layout-flex wp-container-core-columns-is-layout-28f84493 wp-block-columns-is-layout-flex\">\n<div class=\"wp-block-column is-layout-flow wp-block-column-is-layout-flow\">\n<figure class=\"wp-block-image size-full\"><img loading=\"lazy\" decoding=\"async\" width=\"2560\" height=\"1707\" src=\"https:\/\/trailannecy.fr\/wp-content\/uploads\/2024\/11\/Trail-des-Glaisins-31-03-2024-494-1-scaled.jpg\" alt=\"\" class=\"wp-image-510\" srcset=\"https:\/\/trailannecy.fr\/wp-content\/uploads\/2024\/11\/Trail-des-Glaisins-31-03-2024-494-1-scaled.jpg 2560w, https:\/\/trailannecy.fr\/wp-content\/uploads\/2024\/11\/Trail-des-Glaisins-31-03-2024-494-1-300x200.jpg 300w, https:\/\/trailannecy.fr\/wp-content\/uploads\/2024\/11\/Trail-des-Glaisins-31-03-2024-494-1-1024x683.jpg 1024w, https:\/\/trailannecy.fr\/wp-content\/uploads\/2024\/11\/Trail-des-Glaisins-31-03-2024-494-1-2000x1334.jpg 2000w\" sizes=\"auto, (max-width: 2560px) 100vw, 2560px\" \/><\/figure>\n\n\n\n<p class=\"has-black-color has-text-color has-large-font-size\"><strong>LA RORO PIGNON<\/strong>* (10 km)<\/p>\n\n\n\n<ul class=\"wp-block-list\">\n<li><mark style=\"background-color:rgba(0, 0, 0, 0)\" class=\"has-inline-color has-secondary-color\">Distance : <\/mark> 10 km<\/li>\n\n\n\n<li><mark style=\"background-color:rgba(0, 0, 0, 0)\" class=\"has-inline-color has-secondary-color\">D+ : <\/mark>450 m&nbsp;<\/li>\n\n\n\n<li><mark style=\"background-color:rgba(0, 0, 0, 0)\" class=\"has-inline-color has-secondary-color\">\u00c2ge : <\/mark>\u00e0 partir de U18 (n\u00e9 en 2010 et avant)<\/li>\n\n\n\n<li><mark style=\"background-color:rgba(0, 0, 0, 0)\" class=\"has-inline-color has-secondary-color\">Effectif : <\/mark> limit\u00e9 \u00e0 515 participants (dont 15 invit\u00e9s)<\/li>\n\n\n\n<li><mark style=\"background-color:rgba(0, 0, 0, 0)\" class=\"has-inline-color has-secondary-color\">D\u00e9part : <\/mark><strong>Dimanche<\/strong> &#8211; 10h30<\/li>\n\n\n\n<li><mark style=\"background-color:rgba(0, 0, 0, 0)\" class=\"has-inline-color has-secondary-color\">Barri\u00e8re horaire : <\/mark>aucune &nbsp;<\/li>\n\n\n\n<li><mark style=\"background-color:rgba(0, 0, 0, 0)\" class=\"has-inline-color has-secondary-color\">Ravitaillement : <\/mark>1 (arriv\u00e9e)<\/li>\n\n\n\n<li><mark style=\"background-color:rgba(0, 0, 0, 0)\" class=\"has-inline-color has-secondary-color\">Tarifs :<\/mark> 25 euros <\/li>\n\n\n\n<li><em>* : Course en hommage \u00e0 Roland Claverie (coureur d&rsquo;Annecy Athl\u00e9tisme, d\u00e9c\u00e9d\u00e9 en 2024<\/em>)<\/li>\n<\/ul>\n\n\n\n<div class=\"wp-block-buttons alignwide is-content-justification-center is-layout-flex wp-container-core-buttons-is-layout-a89b3969 wp-block-buttons-is-layout-flex\">\n<div class=\"wp-block-button is-style-outline is-style-outline--5\"><a class=\"wp-block-button__link has-small-font-size has-custom-font-size wp-element-button\" href=\"https:\/\/tracedetrail.fr\/fr\/trace\/335313\">Trac\u00e9 GPX 2026<\/a><\/div>\n\n\n\n<div class=\"wp-block-button is-style-outline is-style-outline--6\"><a class=\"wp-block-button__link has-small-font-size has-custom-font-size wp-element-button\" href=\"https:\/\/in.njuko.com\/hardloop-trail-annecy-les-glaisins-2026\">S&rsquo;inscrire<\/a><\/div>\n<\/div>\n\n\n\n<blockquote class=\"wp-block-quote is-style-default is-layout-flow wp-block-quote-is-layout-flow\">\n<p id=\"https:\/\/tracedetrail.fr\/fr\/event\/hardloop-trail-d-annecy-2026\"><a href=\"https:\/\/tracedetrail.fr\/fr\/event\/hardloop-trail-d-annecy-2026\">Trac\u00e9s 2026 disponibles sur Trace de Trail<\/a> (n\u00e9cessite de se cr\u00e9er un compte Trace de Trail, gratuit)<\/p>\n<\/blockquote>\n\n\n\n<p class=\"has-text-color\" style=\"color:#7a7a7a\">&nbsp;<\/p>\n<\/div>\n\n\n\n<div class=\"wp-block-column is-layout-flow wp-block-column-is-layout-flow\">\n<figure class=\"wp-block-image size-full\"><img loading=\"lazy\" decoding=\"async\" width=\"2560\" height=\"1707\" src=\"https:\/\/trailannecy.fr\/wp-content\/uploads\/2025\/11\/2O8A5064-scaled.png\" alt=\"\" class=\"wp-image-797\" srcset=\"https:\/\/trailannecy.fr\/wp-content\/uploads\/2025\/11\/2O8A5064-scaled.png 2560w, https:\/\/trailannecy.fr\/wp-content\/uploads\/2025\/11\/2O8A5064-300x200.png 300w, https:\/\/trailannecy.fr\/wp-content\/uploads\/2025\/11\/2O8A5064-1024x683.png 1024w, https:\/\/trailannecy.fr\/wp-content\/uploads\/2025\/11\/2O8A5064-2000x1333.png 2000w\" sizes=\"auto, (max-width: 2560px) 100vw, 2560px\" \/><\/figure>\n\n\n\n<p class=\"has-black-color has-text-color has-large-font-size\"><strong>LES GLAISINS<\/strong> (5 Courses Jeunes)<\/p>\n\n\n\n<ul class=\"wp-block-list\">\n<li><mark style=\"background-color:rgba(0, 0, 0, 0)\" class=\"has-inline-color has-secondary-color\">Distance : <\/mark> courtes et adapt\u00e9es aux \u00e2ges (qui seront pr\u00e9cis\u00e9es)<\/li>\n\n\n\n<li><mark style=\"background-color:rgba(0, 0, 0, 0)\" class=\"has-inline-color has-secondary-color\">D+ : <\/mark>aucun<\/li>\n\n\n\n<li><mark style=\"background-color:rgba(0, 0, 0, 0)\" class=\"has-inline-color has-secondary-color\">\u00c2ge :<\/mark> Baby (n\u00e9s en 2021-2020), \u00c9veil (n\u00e9s 2019-2018-2017), Poussins (n\u00e9s en 2016-2015), Benjamins U14 (n\u00e9s en 2014-2013), Minimes&nbsp;U16 (n\u00e9s en 2012-2011)<\/li>\n\n\n\n<li><mark style=\"background-color:rgba(0, 0, 0, 0)\" class=\"has-inline-color has-secondary-color\">Effectif : <\/mark>limit\u00e9 \u00e0 50 participants<\/li>\n\n\n\n<li><mark style=\"background-color:rgba(0, 0, 0, 0)\" class=\"has-inline-color has-secondary-color\">D\u00e9part : <\/mark><strong>Samedi <\/strong>&#8211; 15h00 (Baby), 15h20 (\u00c9veil), 15h40 (Poussins), 16h00 (Benjamins), 16h00 (Minimes)<\/li>\n\n\n\n<li><mark style=\"background-color:rgba(0, 0, 0, 0)\" class=\"has-inline-color has-secondary-color\">Barri\u00e8re horaire :<\/mark> aucune &nbsp;<\/li>\n\n\n\n<li><mark style=\"background-color:rgba(0, 0, 0, 0)\" class=\"has-inline-color has-secondary-color\">Ravitaillement : <\/mark>1 (arriv\u00e9e)<\/li>\n\n\n\n<li><mark style=\"background-color:rgba(0, 0, 0, 0)\" class=\"has-inline-color has-secondary-color\">Tarifs :<\/mark> 2 euros (Baby, \u00c9veil, Poussins) &amp; 5 euros (Benjamins, Minimes)<\/li>\n<\/ul>\n<\/div>\n<\/div>\n\n\n\n<figure class=\"wp-block-image size-full is-resized\"><img loading=\"lazy\" decoding=\"async\" width=\"651\" height=\"426\" src=\"https:\/\/trailannecy.fr\/wp-content\/uploads\/2025\/12\/course-duo-2.png\" alt=\"\" class=\"wp-image-842\" style=\"aspect-ratio:1.5281987059069089;width:573px;height:auto\" srcset=\"https:\/\/trailannecy.fr\/wp-content\/uploads\/2025\/12\/course-duo-2.png 651w, https:\/\/trailannecy.fr\/wp-content\/uploads\/2025\/12\/course-duo-2-300x196.png 300w\" sizes=\"auto, (max-width: 651px) 100vw, 651px\" \/><\/figure>\n\n\n\n<p class=\"has-black-color has-text-color has-large-font-size\"><strong>LE CITY TRAIL DUO<\/strong> (10 km)<\/p>\n\n\n\n<ul class=\"wp-block-list\">\n<li><mark style=\"background-color:rgba(0, 0, 0, 0)\" class=\"has-inline-color has-secondary-color\">Distance : <\/mark> 10 km<\/li>\n\n\n\n<li><mark style=\"background-color:rgba(0, 0, 0, 0)\" class=\"has-inline-color has-secondary-color\">D+ : <\/mark>250 m&nbsp;<\/li>\n\n\n\n<li><mark style=\"background-color:rgba(0, 0, 0, 0)\" class=\"has-inline-color has-secondary-color\">\u00c2ge : <\/mark>\u00e0 partir de U18 (n\u00e9 en 2010 et avant)<\/li>\n\n\n\n<li><mark style=\"background-color:rgba(0, 0, 0, 0)\" class=\"has-inline-color has-secondary-color\">Effectif : <\/mark> limit\u00e9 \u00e0 250 duos (500 participants)<\/li>\n\n\n\n<li><mark style=\"background-color:rgba(0, 0, 0, 0)\" class=\"has-inline-color has-secondary-color\">D\u00e9part : <\/mark><strong>Samedi<\/strong> &#8211; 17h30<\/li>\n\n\n\n<li><mark style=\"background-color:rgba(0, 0, 0, 0)\" class=\"has-inline-color has-secondary-color\">Barri\u00e8re horaire : <\/mark>aucune &nbsp;<\/li>\n\n\n\n<li><mark style=\"background-color:rgba(0, 0, 0, 0)\" class=\"has-inline-color has-secondary-color\">Ravitaillement : <\/mark>1 (arriv\u00e9e)<\/li>\n\n\n\n<li><mark style=\"background-color:rgba(0, 0, 0, 0)\" class=\"has-inline-color has-secondary-color\">Tarifs :<\/mark> 45 \u20ac<\/li>\n<\/ul>\n\n\n\n<div class=\"wp-block-buttons alignwide is-content-justification-center is-layout-flex wp-container-core-buttons-is-layout-a89b3969 wp-block-buttons-is-layout-flex\">\n<div class=\"wp-block-button is-style-outline is-style-outline--7\"><a class=\"wp-block-button__link has-small-font-size has-custom-font-size wp-element-button\" href=\"https:\/\/tracedetrail.fr\/fr\/trace\/338188\">Trac\u00e9 GPX 2026<\/a><\/div>\n\n\n\n<div class=\"wp-block-button is-style-outline is-style-outline--8\"><a class=\"wp-block-button__link has-small-font-size has-custom-font-size wp-element-button\" href=\"https:\/\/in.njuko.com\/hardloop-trail-annecy-les-glaisins-2026\">S&rsquo;inscrire<\/a><\/div>\n<\/div>\n\n\n\n<div class=\"wp-block-cover alignfull has-parallax is-position-center-center\" style=\"min-height:375px;aspect-ratio:unset;\"><div class=\"wp-block-cover__image-background wp-image-67 has-parallax\" style=\"background-position:50% 50%;background-image:url(https:\/\/trailannecy.fr\/wp-content\/uploads\/2023\/04\/FLO7393-scaled.jpeg)\"><\/div><span aria-hidden=\"true\" class=\"wp-block-cover__background has-black-background-color has-background-dim-40 has-background-dim\"><\/span><div class=\"wp-block-cover__inner-container is-layout-flow wp-block-cover-is-layout-flow\">\n<p class=\"has-text-align-center has-text-color has-huge-font-size\" style=\"color:#fffffa;line-height:1.1\"><strong>Notre \u00e9quipe est impatiente de vous accueillir.<\/strong><\/p>\n\n\n\n<p class=\"has-text-align-center has-text-color has-huge-font-size\" style=\"color:#fffffa;line-height:1.1\">Bonne pr\u00e9paration \u00e0 tous !<\/p>\n\n\n\n<p class=\"has-text-align-center\">Pour toute question sur les inscriptions, les parcours, les b\u00e9n\u00e9voles<\/p>\n\n\n\n<div class=\"wp-block-buttons is-horizontal is-content-justification-center is-layout-flex wp-container-core-buttons-is-layout-03627597 wp-block-buttons-is-layout-flex\">\n<div class=\"wp-block-button is-style-outline is-style-outline--9\"><a class=\"wp-block-button__link has-white-color has-text-color wp-element-button\" href=\"https:\/\/trailannecy.fr\/?page_id=8\">Contactez-nous<\/a><\/div>\n<\/div>\n<\/div><\/div>\n\n\n\n<p><\/p>\n","protected":false},"excerpt":{"rendered":"<p>D\u00e9couvrez nos 9 courses au programme de ce Trail d&rsquo;Annecy-Les Glaisins (Le city Trail 10km en duo, 10 km, 23 km, 37 km et les 5 courses jeunes) 2 de nos courses sont labellis\u00e9es FFA Trail et qualificatives au Championnat de France de Trail ! Avant de vous inscrire, nous vous invitons \u00e0 prendre connaissance &hellip; <\/p>\n<p class=\"link-more\"><a href=\"https:\/\/trailannecy.fr\/?page_id=26\" class=\"more-link\">Lire la suite de<span class=\"screen-reader-text\">\u00ab\u00a0Courses\u00a0\u00bb<\/span><\/a><\/p>\n","protected":false},"author":1,"featured_media":149,"parent":0,"menu_order":0,"comment_status":"closed","ping_status":"closed","template":"","meta":{"footnotes":""},"class_list":["post-26","page","type-page","status-publish","has-post-thumbnail","hentry"],"yoast_head":"<!-- This site is optimized with the Yoast SEO plugin v27.5 - https:\/\/yoast.com\/product\/yoast-seo-wordpress\/ -->\n<title>Courses - Hardloop Trail d&#039;Annecy-Les Glaisins<\/title>\n<meta name=\"robots\" content=\"index, follow, max-snippet:-1, max-image-preview:large, max-video-preview:-1\" \/>\n<link rel=\"canonical\" href=\"https:\/\/trailannecy.fr\/?page_id=26\" \/>\n<meta property=\"og:locale\" content=\"fr_FR\" \/>\n<meta property=\"og:type\" content=\"article\" \/>\n<meta property=\"og:title\" content=\"Courses - Hardloop Trail d&#039;Annecy-Les Glaisins\" \/>\n<meta property=\"og:description\" content=\"D\u00e9couvrez nos 9 courses au programme de ce Trail d&rsquo;Annecy-Les Glaisins (Le city Trail 10km en duo, 10 km, 23 km, 37 km et les 5 courses jeunes) 2 de nos courses sont labellis\u00e9es FFA Trail et qualificatives au Championnat de France de Trail ! Avant de vous inscrire, nous vous invitons \u00e0 prendre connaissance &hellip; Lire la suite de\u00ab\u00a0Courses\u00a0\u00bb\" \/>\n<meta property=\"og:url\" content=\"https:\/\/trailannecy.fr\/?page_id=26\" \/>\n<meta property=\"og:site_name\" content=\"Hardloop Trail d&#039;Annecy-Les Glaisins\" \/>\n<meta property=\"article:publisher\" content=\"https:\/\/www.facebook.com\/profile.php?id=100089244225554\" \/>\n<meta property=\"article:modified_time\" content=\"2026-04-03T13:08:08+00:00\" \/>\n<meta property=\"og:image\" content=\"https:\/\/trailannecy.fr\/wp-content\/uploads\/2023\/04\/FLO7613-scaled.jpeg\" \/>\n\t<meta property=\"og:image:width\" content=\"1441\" \/>\n\t<meta property=\"og:image:height\" content=\"2560\" \/>\n\t<meta property=\"og:image:type\" content=\"image\/jpeg\" \/>\n<meta name=\"twitter:card\" content=\"summary_large_image\" \/>\n<meta name=\"twitter:label1\" content=\"Dur\u00e9e de lecture estim\u00e9e\" \/>\n\t<meta name=\"twitter:data1\" content=\"4 minutes\" \/>\n<script type=\"application\/ld+json\" class=\"yoast-schema-graph\">{\"@context\":\"https:\\\/\\\/schema.org\",\"@graph\":[{\"@type\":\"WebPage\",\"@id\":\"https:\\\/\\\/trailannecy.fr\\\/?page_id=26\",\"url\":\"https:\\\/\\\/trailannecy.fr\\\/?page_id=26\",\"name\":\"Courses - Hardloop Trail d&#039;Annecy-Les Glaisins\",\"isPartOf\":{\"@id\":\"https:\\\/\\\/trailannecy.fr\\\/#website\"},\"primaryImageOfPage\":{\"@id\":\"https:\\\/\\\/trailannecy.fr\\\/?page_id=26#primaryimage\"},\"image\":{\"@id\":\"https:\\\/\\\/trailannecy.fr\\\/?page_id=26#primaryimage\"},\"thumbnailUrl\":\"https:\\\/\\\/trailannecy.fr\\\/wp-content\\\/uploads\\\/2023\\\/04\\\/FLO7613-scaled.jpeg\",\"datePublished\":\"2023-04-20T11:35:06+00:00\",\"dateModified\":\"2026-04-03T13:08:08+00:00\",\"breadcrumb\":{\"@id\":\"https:\\\/\\\/trailannecy.fr\\\/?page_id=26#breadcrumb\"},\"inLanguage\":\"fr-FR\",\"potentialAction\":[{\"@type\":\"ReadAction\",\"target\":[\"https:\\\/\\\/trailannecy.fr\\\/?page_id=26\"]}]},{\"@type\":\"ImageObject\",\"inLanguage\":\"fr-FR\",\"@id\":\"https:\\\/\\\/trailannecy.fr\\\/?page_id=26#primaryimage\",\"url\":\"https:\\\/\\\/trailannecy.fr\\\/wp-content\\\/uploads\\\/2023\\\/04\\\/FLO7613-scaled.jpeg\",\"contentUrl\":\"https:\\\/\\\/trailannecy.fr\\\/wp-content\\\/uploads\\\/2023\\\/04\\\/FLO7613-scaled.jpeg\",\"width\":1441,\"height\":2560},{\"@type\":\"BreadcrumbList\",\"@id\":\"https:\\\/\\\/trailannecy.fr\\\/?page_id=26#breadcrumb\",\"itemListElement\":[{\"@type\":\"ListItem\",\"position\":1,\"name\":\"Accueil\",\"item\":\"https:\\\/\\\/trailannecy.fr\\\/\"},{\"@type\":\"ListItem\",\"position\":2,\"name\":\"Courses\"}]},{\"@type\":\"WebSite\",\"@id\":\"https:\\\/\\\/trailannecy.fr\\\/#website\",\"url\":\"https:\\\/\\\/trailannecy.fr\\\/\",\"name\":\"Trail d'Annecy\",\"description\":\"9 courses - 2100 participants - 120 volontaires\",\"publisher\":{\"@id\":\"https:\\\/\\\/trailannecy.fr\\\/#organization\"},\"potentialAction\":[{\"@type\":\"SearchAction\",\"target\":{\"@type\":\"EntryPoint\",\"urlTemplate\":\"https:\\\/\\\/trailannecy.fr\\\/?s={search_term_string}\"},\"query-input\":{\"@type\":\"PropertyValueSpecification\",\"valueRequired\":true,\"valueName\":\"search_term_string\"}}],\"inLanguage\":\"fr-FR\"},{\"@type\":\"Organization\",\"@id\":\"https:\\\/\\\/trailannecy.fr\\\/#organization\",\"name\":\"Trail d'Annecy\",\"url\":\"https:\\\/\\\/trailannecy.fr\\\/\",\"logo\":{\"@type\":\"ImageObject\",\"inLanguage\":\"fr-FR\",\"@id\":\"https:\\\/\\\/trailannecy.fr\\\/#\\\/schema\\\/logo\\\/image\\\/\",\"url\":\"https:\\\/\\\/trailannecy.fr\\\/wp-content\\\/uploads\\\/2023\\\/04\\\/TRAIL-DANNECY-2.png\",\"contentUrl\":\"https:\\\/\\\/trailannecy.fr\\\/wp-content\\\/uploads\\\/2023\\\/04\\\/TRAIL-DANNECY-2.png\",\"width\":500,\"height\":500,\"caption\":\"Trail d'Annecy\"},\"image\":{\"@id\":\"https:\\\/\\\/trailannecy.fr\\\/#\\\/schema\\\/logo\\\/image\\\/\"},\"sameAs\":[\"https:\\\/\\\/www.facebook.com\\\/profile.php?id=100089244225554\",\"https:\\\/\\\/www.instagram.com\\\/trailannecy\\\/\"]}]}<\/script>\n<!-- \/ Yoast SEO plugin. -->","yoast_head_json":{"title":"Courses - Hardloop Trail d&#039;Annecy-Les Glaisins","robots":{"index":"index","follow":"follow","max-snippet":"max-snippet:-1","max-image-preview":"max-image-preview:large","max-video-preview":"max-video-preview:-1"},"canonical":"https:\/\/trailannecy.fr\/?page_id=26","og_locale":"fr_FR","og_type":"article","og_title":"Courses - Hardloop Trail d&#039;Annecy-Les Glaisins","og_description":"D\u00e9couvrez nos 9 courses au programme de ce Trail d&rsquo;Annecy-Les Glaisins (Le city Trail 10km en duo, 10 km, 23 km, 37 km et les 5 courses jeunes) 2 de nos courses sont labellis\u00e9es FFA Trail et qualificatives au Championnat de France de Trail ! Avant de vous inscrire, nous vous invitons \u00e0 prendre connaissance &hellip; Lire la suite de\u00ab\u00a0Courses\u00a0\u00bb","og_url":"https:\/\/trailannecy.fr\/?page_id=26","og_site_name":"Hardloop Trail d&#039;Annecy-Les Glaisins","article_publisher":"https:\/\/www.facebook.com\/profile.php?id=100089244225554","article_modified_time":"2026-04-03T13:08:08+00:00","og_image":[{"width":1441,"height":2560,"url":"https:\/\/trailannecy.fr\/wp-content\/uploads\/2023\/04\/FLO7613-scaled.jpeg","type":"image\/jpeg"}],"twitter_card":"summary_large_image","twitter_misc":{"Dur\u00e9e de lecture estim\u00e9e":"4 minutes"},"schema":{"@context":"https:\/\/schema.org","@graph":[{"@type":"WebPage","@id":"https:\/\/trailannecy.fr\/?page_id=26","url":"https:\/\/trailannecy.fr\/?page_id=26","name":"Courses - Hardloop Trail d&#039;Annecy-Les Glaisins","isPartOf":{"@id":"https:\/\/trailannecy.fr\/#website"},"primaryImageOfPage":{"@id":"https:\/\/trailannecy.fr\/?page_id=26#primaryimage"},"image":{"@id":"https:\/\/trailannecy.fr\/?page_id=26#primaryimage"},"thumbnailUrl":"https:\/\/trailannecy.fr\/wp-content\/uploads\/2023\/04\/FLO7613-scaled.jpeg","datePublished":"2023-04-20T11:35:06+00:00","dateModified":"2026-04-03T13:08:08+00:00","breadcrumb":{"@id":"https:\/\/trailannecy.fr\/?page_id=26#breadcrumb"},"inLanguage":"fr-FR","potentialAction":[{"@type":"ReadAction","target":["https:\/\/trailannecy.fr\/?page_id=26"]}]},{"@type":"ImageObject","inLanguage":"fr-FR","@id":"https:\/\/trailannecy.fr\/?page_id=26#primaryimage","url":"https:\/\/trailannecy.fr\/wp-content\/uploads\/2023\/04\/FLO7613-scaled.jpeg","contentUrl":"https:\/\/trailannecy.fr\/wp-content\/uploads\/2023\/04\/FLO7613-scaled.jpeg","width":1441,"height":2560},{"@type":"BreadcrumbList","@id":"https:\/\/trailannecy.fr\/?page_id=26#breadcrumb","itemListElement":[{"@type":"ListItem","position":1,"name":"Accueil","item":"https:\/\/trailannecy.fr\/"},{"@type":"ListItem","position":2,"name":"Courses"}]},{"@type":"WebSite","@id":"https:\/\/trailannecy.fr\/#website","url":"https:\/\/trailannecy.fr\/","name":"Trail d'Annecy","description":"9 courses - 2100 participants - 120 volontaires","publisher":{"@id":"https:\/\/trailannecy.fr\/#organization"},"potentialAction":[{"@type":"SearchAction","target":{"@type":"EntryPoint","urlTemplate":"https:\/\/trailannecy.fr\/?s={search_term_string}"},"query-input":{"@type":"PropertyValueSpecification","valueRequired":true,"valueName":"search_term_string"}}],"inLanguage":"fr-FR"},{"@type":"Organization","@id":"https:\/\/trailannecy.fr\/#organization","name":"Trail d'Annecy","url":"https:\/\/trailannecy.fr\/","logo":{"@type":"ImageObject","inLanguage":"fr-FR","@id":"https:\/\/trailannecy.fr\/#\/schema\/logo\/image\/","url":"https:\/\/trailannecy.fr\/wp-content\/uploads\/2023\/04\/TRAIL-DANNECY-2.png","contentUrl":"https:\/\/trailannecy.fr\/wp-content\/uploads\/2023\/04\/TRAIL-DANNECY-2.png","width":500,"height":500,"caption":"Trail d'Annecy"},"image":{"@id":"https:\/\/trailannecy.fr\/#\/schema\/logo\/image\/"},"sameAs":["https:\/\/www.facebook.com\/profile.php?id=100089244225554","https:\/\/www.instagram.com\/trailannecy\/"]}]}},"_links":{"self":[{"href":"https:\/\/trailannecy.fr\/index.php?rest_route=\/wp\/v2\/pages\/26","targetHints":{"allow":["GET"]}}],"collection":[{"href":"https:\/\/trailannecy.fr\/index.php?rest_route=\/wp\/v2\/pages"}],"about":[{"href":"https:\/\/trailannecy.fr\/index.php?rest_route=\/wp\/v2\/types\/page"}],"author":[{"embeddable":true,"href":"https:\/\/trailannecy.fr\/index.php?rest_route=\/wp\/v2\/users\/1"}],"replies":[{"embeddable":true,"href":"https:\/\/trailannecy.fr\/index.php?rest_route=%2Fwp%2Fv2%2Fcomments&post=26"}],"version-history":[{"count":79,"href":"https:\/\/trailannecy.fr\/index.php?rest_route=\/wp\/v2\/pages\/26\/revisions"}],"predecessor-version":[{"id":915,"href":"https:\/\/trailannecy.fr\/index.php?rest_route=\/wp\/v2\/pages\/26\/revisions\/915"}],"wp:featuredmedia":[{"embeddable":true,"href":"https:\/\/trailannecy.fr\/index.php?rest_route=\/wp\/v2\/media\/149"}],"wp:attachment":[{"href":"https:\/\/trailannecy.fr\/index.php?rest_route=%2Fwp%2Fv2%2Fmedia&parent=26"}],"curies":[{"name":"wp","href":"https:\/\/api.w.org\/{rel}","templated":true}]}}