{"id":27,"date":"2023-04-20T11:35:06","date_gmt":"2023-04-20T11:35:06","guid":{"rendered":"https:\/\/trailannecy.fr\/?page_id=27"},"modified":"2025-11-20T16:39:30","modified_gmt":"2025-11-20T16:39:30","slug":"benevoles","status":"publish","type":"page","link":"https:\/\/trailannecy.fr\/?page_id=27","title":{"rendered":"B\u00e9n\u00e9voles"},"content":{"rendered":"\n<p><img loading=\"lazy\" decoding=\"async\" width=\"1280\" height=\"1280\" class=\"wp-image-567\" style=\"width: 1280px;\" src=\"https:\/\/trailannecy.fr\/wp-content\/uploads\/2024\/11\/PhotoCollage_1712658682142-1.jpg\" alt=\"\" srcset=\"https:\/\/trailannecy.fr\/wp-content\/uploads\/2024\/11\/PhotoCollage_1712658682142-1.jpg 2048w, https:\/\/trailannecy.fr\/wp-content\/uploads\/2024\/11\/PhotoCollage_1712658682142-1-300x300.jpg 300w, https:\/\/trailannecy.fr\/wp-content\/uploads\/2024\/11\/PhotoCollage_1712658682142-1-1024x1024.jpg 1024w, https:\/\/trailannecy.fr\/wp-content\/uploads\/2024\/11\/PhotoCollage_1712658682142-1-150x150.jpg 150w, https:\/\/trailannecy.fr\/wp-content\/uploads\/2024\/11\/PhotoCollage_1712658682142-1-2000x2000.jpg 2000w\" sizes=\"auto, (max-width: 1280px) 100vw, 1280px\" \/><\/p>\n\n\n\n<figure class=\"wp-block-image size-large is-resized\"><img loading=\"lazy\" decoding=\"async\" width=\"1024\" height=\"1022\" src=\"https:\/\/trailannecy.fr\/wp-content\/uploads\/2025\/11\/TRAIL-I-Benevoles-2025-1024x1022.jpg\" alt=\"\" class=\"wp-image-790\" style=\"width:1140px;height:auto\" srcset=\"https:\/\/trailannecy.fr\/wp-content\/uploads\/2025\/11\/TRAIL-I-Benevoles-2025-1024x1022.jpg 1024w, https:\/\/trailannecy.fr\/wp-content\/uploads\/2025\/11\/TRAIL-I-Benevoles-2025-300x300.jpg 300w, https:\/\/trailannecy.fr\/wp-content\/uploads\/2025\/11\/TRAIL-I-Benevoles-2025-150x150.jpg 150w, https:\/\/trailannecy.fr\/wp-content\/uploads\/2025\/11\/TRAIL-I-Benevoles-2025.jpg 1961w\" sizes=\"auto, (max-width: 1024px) 100vw, 1024px\" \/><\/figure>\n\n\n\n<h2 class=\"wp-block-heading has-text-align-center\">Faites partie de notre grande et belle \u00e9quipe de 250 volontaires !<\/h2>\n\n\n\n<p>La r\u00e9ussite de cet \u00e9v\u00e9nement repose sur\u00a0<strong>la mobilisation de nos + 250 personnes,\u00a0<\/strong>r\u00e9parties\u00a0 sur les parcours ou sur le village de la course, avec des missions vari\u00e9es.<\/p>\n\n\n\n<p>Vous \u00eates un homme ou une femme ? Vous \u00eates jeune ou + \u00e2g\u00e9 ? Vous habitez sur Annecy ou ses alentours voir compl\u00e8tement ailleurs ? Vous avez une licence dans l&rsquo;un des 2 clubs organisateurs ou pas du tout ? Vous \u00eates affut\u00e9s et aimez courir vite et longtemps, savourez simplement votre footing dominical ou mieux encore vous pr\u00e9f\u00e9rez votre canap\u00e9 ? Vous avez une riche ou petite exp\u00e9rience b\u00e9n\u00e9vole ou \u00eates tout simplement novice en la mati\u00e8re ?<\/p>\n\n\n\n<p>Notre \u00e9quipe de b\u00e9n\u00e9voles est compos\u00e9e de profils diff\u00e9rents mais nos forces vives ont toutes cette \u00e2me de b\u00e9n\u00e9vole et sont unies par&nbsp;cette volont\u00e9 commune de s&rsquo;engager et ce d\u00e9sir de rendre service.<\/p>\n\n\n\n<p>Vous aussi, vous souhaitez rejoindre notre \u00e9quipe de b\u00e9n\u00e9voles et partager cette 3e \u00e9dition \u00e0 nos c\u00f4t\u00e9s ?<\/p>\n\n\n\n<p><strong>Faites-vous conna\u00eetre en remplissant, avant le vendredi 20 mars, ce formulaire individuel d&rsquo;inscription<\/strong>\u00a0<strong>\u00ab\u00a0b\u00e9n\u00e9vole\u00a0\u00bb\u00a0<\/strong>(pr\u00e9cisant\u00a0vos informations personnelles, vos souhaits d&rsquo;engagement et vos disponibilit\u00e9s)<\/p>\n\n\n\n<p>Au cours de la quinzaine pr\u00e9c\u00e9dent l&rsquo;\u00e9v\u00e9nement, nous vous pr\u00e9ciserons le r\u00f4le sur lequel vous serez affect\u00e9,&nbsp; votre r\u00e9f\u00e9rent le jour J, les modalit\u00e9s pratiques (horaires et lieu de rendez-vous et de pr\u00e9sence) et d&rsquo;autres consignes \u00e9ventuelles.<\/p>\n\n\n\n<p>Nous vous remercions par avance pour votre pr\u00e9sence et votre engagement !<\/p>\n\n\n\n<p>Le comit\u00e9 d&rsquo;organisation \u00ab\u00a0Trail d&rsquo;Annecy-Les Glaisins\u00a0\u00bb<\/p>\n\n\n\n<p class=\"has-text-align-center\">Inscrivez-vous, \u00e0 partir du 1er janvier, en cliquant sur le lien ci-dessous :<\/p>\n\n\n\n<p><\/p>\n\n\n\n<div class=\"wp-block-buttons is-content-justification-center is-layout-flex wp-container-core-buttons-is-layout-a89b3969 wp-block-buttons-is-layout-flex\">\n<div class=\"wp-block-button is-style-outline is-style-outline--1\"><a class=\"wp-block-button__link wp-element-button\">Inscriptions b\u00e9n\u00e9voles <\/a><\/div>\n<\/div>\n\n\n\n<h2 class=\"wp-block-heading\"><img loading=\"lazy\" decoding=\"async\" width=\"1280\" height=\"854\" class=\"wp-image-482\" style=\"width: 1280px;\" src=\"https:\/\/trailannecy.fr\/wp-content\/uploads\/2024\/04\/IMG_2835-scaled.jpg\" alt=\"\" srcset=\"https:\/\/trailannecy.fr\/wp-content\/uploads\/2024\/04\/IMG_2835-scaled.jpg 2560w, https:\/\/trailannecy.fr\/wp-content\/uploads\/2024\/04\/IMG_2835-300x200.jpg 300w, https:\/\/trailannecy.fr\/wp-content\/uploads\/2024\/04\/IMG_2835-1024x683.jpg 1024w, https:\/\/trailannecy.fr\/wp-content\/uploads\/2024\/04\/IMG_2835-768x512.jpg 768w, https:\/\/trailannecy.fr\/wp-content\/uploads\/2024\/04\/IMG_2835-1536x1024.jpg 1536w, https:\/\/trailannecy.fr\/wp-content\/uploads\/2024\/04\/IMG_2835-2048x1365.jpg 2048w, https:\/\/trailannecy.fr\/wp-content\/uploads\/2024\/04\/IMG_2835-2000x1333.jpg 2000w\" sizes=\"auto, (max-width: 1280px) 100vw, 1280px\" \/><\/h2>\n\n\n\n<p><\/p>\n\n\n\n<div class=\"wp-block-cover alignfull has-parallax is-position-center-center\" style=\"min-height:375px;aspect-ratio:unset;\"><div class=\"wp-block-cover__image-background wp-image-67 has-parallax\" style=\"background-position:50% 50%;background-image:url(https:\/\/trailannecy.fr\/wp-content\/uploads\/2023\/04\/FLO7393-scaled.jpeg)\"><\/div><span aria-hidden=\"true\" class=\"wp-block-cover__background has-black-background-color has-background-dim-40 has-background-dim\"><\/span><div class=\"wp-block-cover__inner-container is-layout-flow wp-block-cover-is-layout-flow\">\n<p class=\"has-text-align-center has-text-color has-huge-font-size\" style=\"color:#fffffa;line-height:1.1\"><strong>Notre \u00e9quipe est impatiente de vous accueillir.<\/strong><\/p>\n\n\n\n<p class=\"has-text-align-center has-text-color has-huge-font-size\" style=\"color:#fffffa;line-height:1.1\">Bonne pr\u00e9paration \u00e0 tous !<\/p>\n\n\n\n<p class=\"has-text-align-center\">Pour toute question sur les inscriptions, les parcours, les b\u00e9n\u00e9voles<\/p>\n\n\n\n<div class=\"wp-block-buttons is-horizontal is-content-justification-center is-layout-flex wp-container-core-buttons-is-layout-03627597 wp-block-buttons-is-layout-flex\">\n<div class=\"wp-block-button is-style-outline is-style-outline--2\"><a class=\"wp-block-button__link has-white-color has-text-color wp-element-button\" href=\"https:\/\/trailannecy.fr\/?page_id=8\">Contactez-nous<\/a><\/div>\n<\/div>\n<\/div><\/div>\n","protected":false},"excerpt":{"rendered":"<p>Faites partie de notre grande et belle \u00e9quipe de 250 volontaires ! La r\u00e9ussite de cet \u00e9v\u00e9nement repose sur\u00a0la mobilisation de nos + 250 personnes,\u00a0r\u00e9parties\u00a0 sur les parcours ou sur le village de la course, avec des missions vari\u00e9es. Vous \u00eates un homme ou une femme ? Vous \u00eates jeune ou + \u00e2g\u00e9 ? Vous &hellip; <\/p>\n<p class=\"link-more\"><a href=\"https:\/\/trailannecy.fr\/?page_id=27\" class=\"more-link\">Lire la suite de<span class=\"screen-reader-text\">\u00ab\u00a0B\u00e9n\u00e9voles\u00a0\u00bb<\/span><\/a><\/p>\n","protected":false},"author":1,"featured_media":72,"parent":0,"menu_order":0,"comment_status":"closed","ping_status":"closed","template":"","meta":{"footnotes":""},"class_list":["post-27","page","type-page","status-publish","has-post-thumbnail","hentry"],"yoast_head":"<!-- This site is optimized with the Yoast SEO plugin v27.5 - https:\/\/yoast.com\/product\/yoast-seo-wordpress\/ -->\n<title>B\u00e9n\u00e9voles - Hardloop Trail d&#039;Annecy-Les Glaisins<\/title>\n<meta name=\"robots\" content=\"index, follow, max-snippet:-1, max-image-preview:large, max-video-preview:-1\" \/>\n<link rel=\"canonical\" href=\"https:\/\/trailannecy.fr\/?page_id=27\" \/>\n<meta property=\"og:locale\" content=\"fr_FR\" \/>\n<meta property=\"og:type\" content=\"article\" \/>\n<meta property=\"og:title\" content=\"B\u00e9n\u00e9voles - Hardloop Trail d&#039;Annecy-Les Glaisins\" \/>\n<meta property=\"og:description\" content=\"Faites partie de notre grande et belle \u00e9quipe de 250 volontaires ! La r\u00e9ussite de cet \u00e9v\u00e9nement repose sur\u00a0la mobilisation de nos + 250 personnes,\u00a0r\u00e9parties\u00a0 sur les parcours ou sur le village de la course, avec des missions vari\u00e9es. Vous \u00eates un homme ou une femme ? Vous \u00eates jeune ou + \u00e2g\u00e9 ? Vous &hellip; Lire la suite de\u00ab\u00a0B\u00e9n\u00e9voles\u00a0\u00bb\" \/>\n<meta property=\"og:url\" content=\"https:\/\/trailannecy.fr\/?page_id=27\" \/>\n<meta property=\"og:site_name\" content=\"Hardloop Trail d&#039;Annecy-Les Glaisins\" \/>\n<meta property=\"article:publisher\" content=\"https:\/\/www.facebook.com\/profile.php?id=100089244225554\" \/>\n<meta property=\"article:modified_time\" content=\"2025-11-20T16:39:30+00:00\" \/>\n<meta property=\"og:image\" content=\"https:\/\/trailannecy.fr\/wp-content\/uploads\/2023\/04\/IMG_2845-scaled.jpg\" \/>\n\t<meta property=\"og:image:width\" content=\"2560\" \/>\n\t<meta property=\"og:image:height\" content=\"1707\" \/>\n\t<meta property=\"og:image:type\" content=\"image\/jpeg\" \/>\n<meta name=\"twitter:card\" content=\"summary_large_image\" \/>\n<meta name=\"twitter:label1\" content=\"Dur\u00e9e de lecture estim\u00e9e\" \/>\n\t<meta name=\"twitter:data1\" content=\"3 minutes\" \/>\n<script type=\"application\/ld+json\" class=\"yoast-schema-graph\">{\"@context\":\"https:\\\/\\\/schema.org\",\"@graph\":[{\"@type\":\"WebPage\",\"@id\":\"https:\\\/\\\/trailannecy.fr\\\/?page_id=27\",\"url\":\"https:\\\/\\\/trailannecy.fr\\\/?page_id=27\",\"name\":\"B\u00e9n\u00e9voles - Hardloop Trail d&#039;Annecy-Les Glaisins\",\"isPartOf\":{\"@id\":\"https:\\\/\\\/trailannecy.fr\\\/#website\"},\"primaryImageOfPage\":{\"@id\":\"https:\\\/\\\/trailannecy.fr\\\/?page_id=27#primaryimage\"},\"image\":{\"@id\":\"https:\\\/\\\/trailannecy.fr\\\/?page_id=27#primaryimage\"},\"thumbnailUrl\":\"https:\\\/\\\/trailannecy.fr\\\/wp-content\\\/uploads\\\/2023\\\/04\\\/IMG_2845-scaled.jpg\",\"datePublished\":\"2023-04-20T11:35:06+00:00\",\"dateModified\":\"2025-11-20T16:39:30+00:00\",\"breadcrumb\":{\"@id\":\"https:\\\/\\\/trailannecy.fr\\\/?page_id=27#breadcrumb\"},\"inLanguage\":\"fr-FR\",\"potentialAction\":[{\"@type\":\"ReadAction\",\"target\":[\"https:\\\/\\\/trailannecy.fr\\\/?page_id=27\"]}]},{\"@type\":\"ImageObject\",\"inLanguage\":\"fr-FR\",\"@id\":\"https:\\\/\\\/trailannecy.fr\\\/?page_id=27#primaryimage\",\"url\":\"https:\\\/\\\/trailannecy.fr\\\/wp-content\\\/uploads\\\/2023\\\/04\\\/IMG_2845-scaled.jpg\",\"contentUrl\":\"https:\\\/\\\/trailannecy.fr\\\/wp-content\\\/uploads\\\/2023\\\/04\\\/IMG_2845-scaled.jpg\",\"width\":2560,\"height\":1707},{\"@type\":\"BreadcrumbList\",\"@id\":\"https:\\\/\\\/trailannecy.fr\\\/?page_id=27#breadcrumb\",\"itemListElement\":[{\"@type\":\"ListItem\",\"position\":1,\"name\":\"Accueil\",\"item\":\"https:\\\/\\\/trailannecy.fr\\\/\"},{\"@type\":\"ListItem\",\"position\":2,\"name\":\"B\u00e9n\u00e9voles\"}]},{\"@type\":\"WebSite\",\"@id\":\"https:\\\/\\\/trailannecy.fr\\\/#website\",\"url\":\"https:\\\/\\\/trailannecy.fr\\\/\",\"name\":\"Trail d'Annecy\",\"description\":\"9 courses - 2100 participants - 120 volontaires\",\"publisher\":{\"@id\":\"https:\\\/\\\/trailannecy.fr\\\/#organization\"},\"potentialAction\":[{\"@type\":\"SearchAction\",\"target\":{\"@type\":\"EntryPoint\",\"urlTemplate\":\"https:\\\/\\\/trailannecy.fr\\\/?s={search_term_string}\"},\"query-input\":{\"@type\":\"PropertyValueSpecification\",\"valueRequired\":true,\"valueName\":\"search_term_string\"}}],\"inLanguage\":\"fr-FR\"},{\"@type\":\"Organization\",\"@id\":\"https:\\\/\\\/trailannecy.fr\\\/#organization\",\"name\":\"Trail d'Annecy\",\"url\":\"https:\\\/\\\/trailannecy.fr\\\/\",\"logo\":{\"@type\":\"ImageObject\",\"inLanguage\":\"fr-FR\",\"@id\":\"https:\\\/\\\/trailannecy.fr\\\/#\\\/schema\\\/logo\\\/image\\\/\",\"url\":\"https:\\\/\\\/trailannecy.fr\\\/wp-content\\\/uploads\\\/2023\\\/04\\\/TRAIL-DANNECY-2.png\",\"contentUrl\":\"https:\\\/\\\/trailannecy.fr\\\/wp-content\\\/uploads\\\/2023\\\/04\\\/TRAIL-DANNECY-2.png\",\"width\":500,\"height\":500,\"caption\":\"Trail d'Annecy\"},\"image\":{\"@id\":\"https:\\\/\\\/trailannecy.fr\\\/#\\\/schema\\\/logo\\\/image\\\/\"},\"sameAs\":[\"https:\\\/\\\/www.facebook.com\\\/profile.php?id=100089244225554\",\"https:\\\/\\\/www.instagram.com\\\/trailannecy\\\/\"]}]}<\/script>\n<!-- \/ Yoast SEO plugin. -->","yoast_head_json":{"title":"B\u00e9n\u00e9voles - Hardloop Trail d&#039;Annecy-Les Glaisins","robots":{"index":"index","follow":"follow","max-snippet":"max-snippet:-1","max-image-preview":"max-image-preview:large","max-video-preview":"max-video-preview:-1"},"canonical":"https:\/\/trailannecy.fr\/?page_id=27","og_locale":"fr_FR","og_type":"article","og_title":"B\u00e9n\u00e9voles - Hardloop Trail d&#039;Annecy-Les Glaisins","og_description":"Faites partie de notre grande et belle \u00e9quipe de 250 volontaires ! La r\u00e9ussite de cet \u00e9v\u00e9nement repose sur\u00a0la mobilisation de nos + 250 personnes,\u00a0r\u00e9parties\u00a0 sur les parcours ou sur le village de la course, avec des missions vari\u00e9es. Vous \u00eates un homme ou une femme ? Vous \u00eates jeune ou + \u00e2g\u00e9 ? Vous &hellip; Lire la suite de\u00ab\u00a0B\u00e9n\u00e9voles\u00a0\u00bb","og_url":"https:\/\/trailannecy.fr\/?page_id=27","og_site_name":"Hardloop Trail d&#039;Annecy-Les Glaisins","article_publisher":"https:\/\/www.facebook.com\/profile.php?id=100089244225554","article_modified_time":"2025-11-20T16:39:30+00:00","og_image":[{"width":2560,"height":1707,"url":"https:\/\/trailannecy.fr\/wp-content\/uploads\/2023\/04\/IMG_2845-scaled.jpg","type":"image\/jpeg"}],"twitter_card":"summary_large_image","twitter_misc":{"Dur\u00e9e de lecture estim\u00e9e":"3 minutes"},"schema":{"@context":"https:\/\/schema.org","@graph":[{"@type":"WebPage","@id":"https:\/\/trailannecy.fr\/?page_id=27","url":"https:\/\/trailannecy.fr\/?page_id=27","name":"B\u00e9n\u00e9voles - Hardloop Trail d&#039;Annecy-Les Glaisins","isPartOf":{"@id":"https:\/\/trailannecy.fr\/#website"},"primaryImageOfPage":{"@id":"https:\/\/trailannecy.fr\/?page_id=27#primaryimage"},"image":{"@id":"https:\/\/trailannecy.fr\/?page_id=27#primaryimage"},"thumbnailUrl":"https:\/\/trailannecy.fr\/wp-content\/uploads\/2023\/04\/IMG_2845-scaled.jpg","datePublished":"2023-04-20T11:35:06+00:00","dateModified":"2025-11-20T16:39:30+00:00","breadcrumb":{"@id":"https:\/\/trailannecy.fr\/?page_id=27#breadcrumb"},"inLanguage":"fr-FR","potentialAction":[{"@type":"ReadAction","target":["https:\/\/trailannecy.fr\/?page_id=27"]}]},{"@type":"ImageObject","inLanguage":"fr-FR","@id":"https:\/\/trailannecy.fr\/?page_id=27#primaryimage","url":"https:\/\/trailannecy.fr\/wp-content\/uploads\/2023\/04\/IMG_2845-scaled.jpg","contentUrl":"https:\/\/trailannecy.fr\/wp-content\/uploads\/2023\/04\/IMG_2845-scaled.jpg","width":2560,"height":1707},{"@type":"BreadcrumbList","@id":"https:\/\/trailannecy.fr\/?page_id=27#breadcrumb","itemListElement":[{"@type":"ListItem","position":1,"name":"Accueil","item":"https:\/\/trailannecy.fr\/"},{"@type":"ListItem","position":2,"name":"B\u00e9n\u00e9voles"}]},{"@type":"WebSite","@id":"https:\/\/trailannecy.fr\/#website","url":"https:\/\/trailannecy.fr\/","name":"Trail d'Annecy","description":"9 courses - 2100 participants - 120 volontaires","publisher":{"@id":"https:\/\/trailannecy.fr\/#organization"},"potentialAction":[{"@type":"SearchAction","target":{"@type":"EntryPoint","urlTemplate":"https:\/\/trailannecy.fr\/?s={search_term_string}"},"query-input":{"@type":"PropertyValueSpecification","valueRequired":true,"valueName":"search_term_string"}}],"inLanguage":"fr-FR"},{"@type":"Organization","@id":"https:\/\/trailannecy.fr\/#organization","name":"Trail d'Annecy","url":"https:\/\/trailannecy.fr\/","logo":{"@type":"ImageObject","inLanguage":"fr-FR","@id":"https:\/\/trailannecy.fr\/#\/schema\/logo\/image\/","url":"https:\/\/trailannecy.fr\/wp-content\/uploads\/2023\/04\/TRAIL-DANNECY-2.png","contentUrl":"https:\/\/trailannecy.fr\/wp-content\/uploads\/2023\/04\/TRAIL-DANNECY-2.png","width":500,"height":500,"caption":"Trail d'Annecy"},"image":{"@id":"https:\/\/trailannecy.fr\/#\/schema\/logo\/image\/"},"sameAs":["https:\/\/www.facebook.com\/profile.php?id=100089244225554","https:\/\/www.instagram.com\/trailannecy\/"]}]}},"_links":{"self":[{"href":"https:\/\/trailannecy.fr\/index.php?rest_route=\/wp\/v2\/pages\/27","targetHints":{"allow":["GET"]}}],"collection":[{"href":"https:\/\/trailannecy.fr\/index.php?rest_route=\/wp\/v2\/pages"}],"about":[{"href":"https:\/\/trailannecy.fr\/index.php?rest_route=\/wp\/v2\/types\/page"}],"author":[{"embeddable":true,"href":"https:\/\/trailannecy.fr\/index.php?rest_route=\/wp\/v2\/users\/1"}],"replies":[{"embeddable":true,"href":"https:\/\/trailannecy.fr\/index.php?rest_route=%2Fwp%2Fv2%2Fcomments&post=27"}],"version-history":[{"count":21,"href":"https:\/\/trailannecy.fr\/index.php?rest_route=\/wp\/v2\/pages\/27\/revisions"}],"predecessor-version":[{"id":791,"href":"https:\/\/trailannecy.fr\/index.php?rest_route=\/wp\/v2\/pages\/27\/revisions\/791"}],"wp:featuredmedia":[{"embeddable":true,"href":"https:\/\/trailannecy.fr\/index.php?rest_route=\/wp\/v2\/media\/72"}],"wp:attachment":[{"href":"https:\/\/trailannecy.fr\/index.php?rest_route=%2Fwp%2Fv2%2Fmedia&parent=27"}],"curies":[{"name":"wp","href":"https:\/\/api.w.org\/{rel}","templated":true}]}}