{"id":473,"date":"2024-04-11T16:01:11","date_gmt":"2024-04-11T16:01:11","guid":{"rendered":"https:\/\/trailannecy.fr\/?page_id=473"},"modified":"2026-04-13T09:09:47","modified_gmt":"2026-04-13T09:09:47","slug":"photos-edition-2024","status":"publish","type":"page","link":"https:\/\/trailannecy.fr\/?page_id=473","title":{"rendered":"Photos"},"content":{"rendered":"\n<p><strong>EDITION 2026<\/strong><\/p>\n\n\n\n<figure class=\"wp-block-image size-large\"><img loading=\"lazy\" decoding=\"async\" width=\"1024\" height=\"683\" src=\"https:\/\/trailannecy.fr\/wp-content\/uploads\/2026\/04\/IMG_8673-2-1024x683.jpg\" alt=\"\" class=\"wp-image-918\" srcset=\"https:\/\/trailannecy.fr\/wp-content\/uploads\/2026\/04\/IMG_8673-2-1024x683.jpg 1024w, https:\/\/trailannecy.fr\/wp-content\/uploads\/2026\/04\/IMG_8673-2-300x200.jpg 300w, https:\/\/trailannecy.fr\/wp-content\/uploads\/2026\/04\/IMG_8673-2-2000x1333.jpg 2000w, https:\/\/trailannecy.fr\/wp-content\/uploads\/2026\/04\/IMG_8673-2.jpg 2048w\" sizes=\"auto, (max-width: 1024px) 100vw, 1024px\" \/><\/figure>\n\n\n\n<details class=\"wp-block-details is-layout-flow wp-block-details-is-layout-flow\"><summary><em>Cr\u00e9dit photo<\/em> : <strong>TORCHIO Enzo<\/strong> (<a href=\"https:\/\/www.instagram.com\/enzo.tch_photographie?igsh=MWJwdDRteXVhbDN3bw==\">@enzo.tch_photographie<\/a>)<\/summary>\n<p><\/p>\n<\/details>\n\n\n\n<ul class=\"wp-block-list\">\n<li><mark style=\"background-color:rgba(0, 0, 0, 0)\" class=\"has-inline-color has-secondary-color\"><strong>SAUTHIER Jarod<\/strong> <\/mark>(<a href=\"https:\/\/www.instagram.com\/jarod_photo\/\">@jarod_photo<\/a>) : acc\u00e9dez \u00e0 ses photos du <a href=\"https:\/\/lightroom.adobe.com\/shares\/44d9745437e948509a7b248b7d24dc9e?fbclid=IwY2xjawRC0J9leHRuA2FlbQIxMABzcnRjBmFwcF9pZA81MTQ3NzE1NjkyMjgwNjEAAR5UspW4At9Aas0lD7nvUK6_EXHwlcMBHjBoCXF9shBEKriPXdI5vsDP41wXmA_aem_3769S3DV_OalxwMAryGdsQ\" target=\"_blank\" rel=\"noreferrer noopener\">City Trail Duo<\/a><\/li>\n\n\n\n<li><strong><mark style=\"background-color:rgba(0, 0, 0, 0)\" class=\"has-inline-color has-secondary-color\">TORCHIO Enzo<\/mark><\/strong> (<a href=\"https:\/\/www.instagram.com\/enzo.tch_photographie?igsh=MWJwdDRteXVhbDN3bw==\">@enzo.tch_photographie<\/a>) : <a href=\"https:\/\/drive.google.com\/drive\/folders\/1d2qbSMalLqA-zthKW-PiWH8ZBsFBqRUu?usp=sharing\" target=\"_blank\" rel=\"noreferrer noopener\">acc\u00e9dez \u00e0 ses photos<\/a><\/li>\n\n\n\n<li><strong><mark style=\"background-color:rgba(0, 0, 0, 0)\" class=\"has-inline-color has-secondary-color\">TORCHIO S\u00e9bastien<\/mark><\/strong> (@<a href=\"https:\/\/www.facebook.com\/photosebt\">Sebt Sebt<\/a>): <a href=\"https:\/\/drive.google.com\/drive\/folders\/1G3IbiYi-Q3DNaJSvEI8Ws3oXPPxr_31c?usp=sharing\" type=\"link\" id=\"https:\/\/drive.google.com\/drive\/folders\/1G3IbiYi-Q3DNaJSvEI8Ws3oXPPxr_31c?usp=sharing\">acc\u00e9dez \u00e0 ses photos<\/a><\/li>\n\n\n\n<li><mark style=\"background-color:rgba(0, 0, 0, 0)\" class=\"has-inline-color has-secondary-color\"><strong>MANDUZIO Pierre<\/strong><\/mark>: <a href=\"https:\/\/drive.google.com\/drive\/folders\/1-QGR_iijQMAgaOCbqGFn72XzgScddyB0\">acc\u00e9der \u00e0 ses photos<\/a><\/li>\n\n\n\n<li><strong><mark style=\"background-color:rgba(0, 0, 0, 0)\" class=\"has-inline-color has-secondary-color\">GOUSSET Baptiste<\/mark><\/strong>: acc\u00e9dez \u00e0 ses photos du <a href=\"https:\/\/drive.google.com\/drive\/folders\/1UvqJ-xBr7-bR3gpnMzypfH_YL6q62-5o\" type=\"link\" id=\"https:\/\/drive.google.com\/drive\/folders\/1UvqJ-xBr7-bR3gpnMzypfH_YL6q62-5o\">village Trail<\/a><\/li>\n\n\n\n<li><strong><mark style=\"background-color:rgba(0, 0, 0, 0)\" class=\"has-inline-color has-secondary-color\">LAMOUR PUECH Louen <\/mark><\/strong>: acc\u00e9dez \u00e0 ses photos de l&rsquo;<a href=\"https:\/\/drive.google.com\/drive\/folders\/14tQ_kTU_IUIfR2UkH8-DiDKynZCK7N3Q\" type=\"link\" id=\"https:\/\/drive.google.com\/drive\/folders\/14tQ_kTU_IUIfR2UkH8-DiDKynZCK7N3Q\">arriv\u00e9e<\/a><\/li>\n\n\n\n<li><strong><mark style=\"background-color:rgba(0, 0, 0, 0)\" class=\"has-inline-color has-secondary-color\">JANET-MAITRE Nicolas:<\/mark><\/strong> acc\u00e9dez \u00e0 ses photos du <a href=\"https:\/\/annecycsavhandball.com\/fil-d-infos\/article\/1637\/photos-hardloop-trail-annecy-les-glaisins-2026-nicolas-janet-maitre\" type=\"link\" id=\"https:\/\/drive.google.com\/drive\/folders\/1UvqJ-xBr7-bR3gpnMzypfH_YL6q62-5o\">village Trail<\/a><\/li>\n<\/ul>\n\n\n\n<p><strong>EDITION 2025<\/strong><\/p>\n\n\n\n<figure class=\"wp-block-image size-large is-resized\"><img loading=\"lazy\" decoding=\"async\" width=\"1024\" height=\"768\" src=\"https:\/\/trailannecy.fr\/wp-content\/uploads\/2025\/04\/image-1024x768.png\" alt=\"\" class=\"wp-image-757\" style=\"width:1139px;height:auto\" srcset=\"https:\/\/trailannecy.fr\/wp-content\/uploads\/2025\/04\/image-1024x768.png 1024w, https:\/\/trailannecy.fr\/wp-content\/uploads\/2025\/04\/image-300x225.png 300w, https:\/\/trailannecy.fr\/wp-content\/uploads\/2025\/04\/image.png 1350w\" sizes=\"auto, (max-width: 1024px) 100vw, 1024px\" \/><\/figure>\n\n\n\n<p><em><mark>Cr\u00e9dit Photo : <strong>TORCHIO S\u00e9bastien (<a href=\"https:\/\/www.instagram.com\/lucvctphoto\/\">@Sebt Sebt<\/a>)<\/strong><\/mark><\/em><\/p>\n\n\n\n<ul class=\"wp-block-list\">\n<li><strong>BERGER Robin<\/strong> (<a href=\"https:\/\/www.instagram.com\/robinbrger\/\">@robinbrger<\/a>) : <a href=\"https:\/\/drive.google.com\/drive\/folders\/1yRGqwGC7R7chFmE_nXVCmh1myOQ35b9-\" target=\"_blank\" rel=\"noreferrer noopener\">acc\u00e9dez \u00e0 ses photos<\/a><\/li>\n\n\n\n<li><strong>CALDERAN Kelvin<\/strong> (<a href=\"https:\/\/www.instagram.com\/kevin.cal\/\">@kevin.cal<\/a>) : <a href=\"https:\/\/drive.google.com\/drive\/folders\/1Six1C2_8zK_J6SP6xJ-GaJ73OMJa9Qkq\" target=\"_blank\" rel=\"noreferrer noopener\">acc\u00e9dez \u00e0 ses photos<\/a><\/li>\n\n\n\n<li><strong>SAUTHIER Jarod<\/strong> (<a href=\"https:\/\/www.instagram.com\/jarod_photo\/\">@jarod_photo<\/a>) : acc\u00e9dez \u00e0 ses photos du <a href=\"https:\/\/lightroom.adobe.com\/shares\/07789ab7c40d4f2792347d97d503f289?fbclid=PAZXh0bgNhZW0CMTEAAae5BmTZx1vX7lcSQGS4CAZv14nB9vLqR01FgL5hIeQs3MwCHAYa4NZBxSB90w_aem_J38SjeqoxH7YQMlRHT05ng\" target=\"_blank\" rel=\"noreferrer noopener\">Baret<\/a> , du <a href=\"https:\/\/lightroom.adobe.com\/shares\/e61ab27deac345a084f9c752f56111a7?fbclid=PAZXh0bgNhZW0CMTEAAaetZU3Nrphtf-OjiZ3gtoMJvklVCrgQuIYw1LVjF6rVfQLQKzkG44hKVL3MjA_aem_poPKU-gkC6A_wx4OxW3h5g\" target=\"_blank\" rel=\"noreferrer noopener\">Veyrier<\/a> , de la <a href=\"https:\/\/lightroom.adobe.com\/shares\/9be844ea670047589a62cc55f96f047b?fbclid=PAZXh0bgNhZW0CMTEAAafWe4roihiS0d_bb13RCN2eh8g69UD7UydxfFdR9ptevaBjUKLTFEPgmTMzrw_aem_1-my_9gxBmKqgoourD49XA\" target=\"_blank\" rel=\"noreferrer noopener\">RoRo-Pignon<\/a><\/li>\n\n\n\n<li><strong>TORCHIO S\u00e9bastien<\/strong> (@<a href=\"https:\/\/www.facebook.com\/photosebt\">Sebt Sebt<\/a>) : <a href=\"https:\/\/www.facebook.com\/media\/set?set=a.9477037355705854&amp;type=3\">acc\u00e9dez \u00e0 ses <\/a><a href=\"https:\/\/www.facebook.com\/media\/set?set=a.9477037355705854&amp;type=3\" target=\"_blank\" rel=\"noreferrer noopener\">photos<\/a><\/li>\n\n\n\n<li><strong>VERVOITTE Louis<\/strong> : acc\u00e9dez \u00e0 ses photos du <a href=\"https:\/\/drive.google.com\/drive\/folders\/1MYILXEtgEQ16QTy-pqg49D_Kwuhr196p\" target=\"_blank\" rel=\"noreferrer noopener\">Baret<\/a> , du <a href=\"https:\/\/drive.google.com\/drive\/folders\/1vMEZ_gbirE4b4KVyu35YRs_wVFEBmSv3\" target=\"_blank\" rel=\"noreferrer noopener\">Veyrier<\/a> , <a href=\"https:\/\/drive.google.com\/drive\/folders\/1JnwJkMWNJXQYh8VumTYO5C0TjOaziozQ\">\u00e0 l&rsquo;arriv\u00e9e<\/a>, <\/li>\n<\/ul>\n\n\n\n<p><strong>EDITION 2024<\/strong><\/p>\n\n\n\n<p><img loading=\"lazy\" decoding=\"async\" width=\"1280\" height=\"854\" class=\"wp-image-609\" style=\"width: 1280px;\" src=\"https:\/\/trailannecy.fr\/wp-content\/uploads\/2024\/11\/08-53-44-LUCVCTPHOTO-GLAISINS-18K-3-1-1-scaled.jpg\" alt=\"\" srcset=\"https:\/\/trailannecy.fr\/wp-content\/uploads\/2024\/11\/08-53-44-LUCVCTPHOTO-GLAISINS-18K-3-1-1-scaled.jpg 2560w, https:\/\/trailannecy.fr\/wp-content\/uploads\/2024\/11\/08-53-44-LUCVCTPHOTO-GLAISINS-18K-3-1-1-300x200.jpg 300w, https:\/\/trailannecy.fr\/wp-content\/uploads\/2024\/11\/08-53-44-LUCVCTPHOTO-GLAISINS-18K-3-1-1-1024x683.jpg 1024w, https:\/\/trailannecy.fr\/wp-content\/uploads\/2024\/11\/08-53-44-LUCVCTPHOTO-GLAISINS-18K-3-1-1-2000x1333.jpg 2000w\" sizes=\"auto, (max-width: 1280px) 100vw, 1280px\" \/><\/p>\n\n\n\n<p><em><mark>Cr\u00e9dit Photo : <strong>VINCENT Luc (<a href=\"https:\/\/www.instagram.com\/lucvctphoto\/\">@lucvctphoto<\/a>)<\/strong><\/mark><\/em><\/p>\n\n\n\n<ul class=\"wp-block-list\">\n<li><strong><mark style=\"background-color:rgba(0, 0, 0, 0)\" class=\"has-inline-color has-secondary-color\">BERGER Robin (<a href=\"https:\/\/www.instagram.com\/robinbrger\/\">@robinbrger<\/a>) :<\/mark><\/strong> <a href=\"https:\/\/drive.google.com\/drive\/folders\/1cotvBFIKc_2qW_GYEaYKclJ-r0uB1aG8?usp=sharing\" target=\"_blank\" rel=\"noreferrer noopener\">Acc\u00e9der aux photos et vid\u00e9os<\/a><\/li>\n\n\n\n<li><strong><mark style=\"background-color:rgba(0, 0, 0, 0)\" class=\"has-inline-color has-secondary-color\">DEWALLY Fr\u00e9d\u00e9ric :<\/mark><\/strong> <a href=\"https:\/\/drive.google.com\/drive\/folders\/1UQCiKpBkSs7x4ifV-kF0FJudoGQeHv4e?usp=sharing\" target=\"_blank\" rel=\"noreferrer noopener\">Acc\u00e9der aux photos<\/a><\/li>\n\n\n\n<li><strong><mark style=\"background-color:rgba(0, 0, 0, 0)\" class=\"has-inline-color has-secondary-color\">JANET-MAITRE Nicolas : <\/mark><\/strong><a href=\"https:\/\/drive.google.com\/drive\/folders\/1sGdVm_TMgUV1UKX09bqM5Cv4-R6EqkbE?usp=sharing\" target=\"_blank\" rel=\"noreferrer noopener\">Acc\u00e9der aux photos<\/a><\/li>\n\n\n\n<li><strong><mark style=\"background-color:rgba(0, 0, 0, 0)\" class=\"has-inline-color has-secondary-color\">MARIZY Laurent (<a href=\"https:\/\/www.instagram.com\/lolo_mrzy\/\">@lolo_mrzy<\/a>) <\/mark><\/strong>: <a href=\"https:\/\/drive.google.com\/drive\/folders\/15AZjos64U1pVabzpQG7zfnVg3fbuf-OJ?usp=sharing\" target=\"_blank\" rel=\"noreferrer noopener\">Acc\u00e9der aux vid\u00e9os<\/a><\/li>\n\n\n\n<li><strong><mark style=\"background-color:rgba(0, 0, 0, 0)\" class=\"has-inline-color has-secondary-color\">THOREL Florian (<a href=\"https:\/\/www.instagram.com\/florun_\/\">@florun_<\/a>) :<\/mark><\/strong> <a href=\"https:\/\/photos.app.goo.gl\/wYsSkAhMGrGxMqoF9\" target=\"_blank\" rel=\"noreferrer noopener\">Acc\u00e9der aux photos<\/a><\/li>\n\n\n\n<li><strong><mark style=\"background-color:rgba(0, 0, 0, 0)\" class=\"has-inline-color has-secondary-color\">VINCENT Luc (<a href=\"https:\/\/www.instagram.com\/lucvctphoto\/\">@lucvctphoto<\/a>) :<\/mark> <\/strong><a href=\"https:\/\/drive.google.com\/drive\/folders\/1mzookPTXiVNiusDv1R-NzsII2U9O4Chp?usp=sharing\" target=\"_blank\" rel=\"noreferrer noopener\">Acc\u00e9der aux photos<\/a><\/li>\n\n\n\n<li><strong><mark style=\"background-color:rgba(0, 0, 0, 0)\" class=\"has-inline-color has-secondary-color\">TORCHIO Enzo (<a href=\"https:\/\/www.instagram.com\/enzo__tch\/\">@enzo__tch<\/a>) :<\/mark><\/strong> <a href=\"https:\/\/drive.google.com\/drive\/folders\/1vZU4ftsorZpoH55icycAdyvs5iYetPBt?usp=share_link\">Acc\u00e9der aux vid\u00e9os<\/a><\/li>\n<\/ul>\n\n\n\n<p><em>NB : Afin de valoriser et remercier le travail de notre \u00e9quipe, nous vous prions, en cas d&rsquo;utilisation de leurs photos sur vos r\u00e9seaux personnels, de bien vouloir mentionner le cr\u00e9dit de la photo utilis\u00e9e avec le nom et pr\u00e9nom du photographe concern\u00e9, et dans l&rsquo;id\u00e9al d&rsquo;identifier leur compte personnel dans la bio de vos photos afin de leur offrir une visibilit\u00e9 pour leur travail gigantesque sur cette \u00e9dition.<\/em><\/p>\n\n\n\n<div style=\"height:100px\" aria-hidden=\"true\" class=\"wp-block-spacer\"><\/div>\n\n\n\n<div class=\"wp-block-cover alignfull has-parallax is-position-center-center\" style=\"min-height:375px;aspect-ratio:unset;\"><div class=\"wp-block-cover__image-background wp-image-67 has-parallax\" style=\"background-position:50% 50%;background-image:url(https:\/\/trailannecy.fr\/wp-content\/uploads\/2023\/04\/FLO7393-scaled.jpeg)\"><\/div><span aria-hidden=\"true\" class=\"wp-block-cover__background has-black-background-color has-background-dim-40 has-background-dim\"><\/span><div class=\"wp-block-cover__inner-container is-layout-flow wp-block-cover-is-layout-flow\">\n<p class=\"has-text-align-center has-text-color has-huge-font-size\" style=\"color:#fffffa;line-height:1.1\"><strong>Notre \u00e9quipe est impatiente de vous accueillir.<\/strong><\/p>\n\n\n\n<p class=\"has-text-align-center has-text-color has-huge-font-size\" style=\"color:#fffffa;line-height:1.1\">Bonne pr\u00e9paration \u00e0 tous !<\/p>\n\n\n\n<p class=\"has-text-align-center\"><\/p>\n\n\n\n<div class=\"wp-block-buttons is-horizontal is-content-justification-center is-layout-flex wp-container-core-buttons-is-layout-03627597 wp-block-buttons-is-layout-flex\">\n<div class=\"wp-block-button is-style-outline is-style-outline--1\"><a class=\"wp-block-button__link has-white-color has-text-color wp-element-button\" href=\"https:\/\/trailannecy.fr\/contact\">Renseignements<\/a><\/div>\n<\/div>\n<\/div><\/div>\n\n\n\n<p><\/p>\n","protected":false},"excerpt":{"rendered":"<p>EDITION 2026 EDITION 2025 Cr\u00e9dit Photo : TORCHIO S\u00e9bastien (@Sebt Sebt) EDITION 2024 Cr\u00e9dit Photo : VINCENT Luc (@lucvctphoto) NB : Afin de valoriser et remercier le travail de notre \u00e9quipe, nous vous prions, en cas d&rsquo;utilisation de leurs photos sur vos r\u00e9seaux personnels, de bien vouloir mentionner le cr\u00e9dit de la photo utilis\u00e9e avec &hellip; <\/p>\n<p class=\"link-more\"><a href=\"https:\/\/trailannecy.fr\/?page_id=473\" class=\"more-link\">Lire la suite de<span class=\"screen-reader-text\">\u00ab\u00a0Photos\u00a0\u00bb<\/span><\/a><\/p>\n","protected":false},"author":1,"featured_media":483,"parent":0,"menu_order":0,"comment_status":"closed","ping_status":"closed","template":"","meta":{"footnotes":""},"class_list":["post-473","page","type-page","status-publish","has-post-thumbnail","hentry"],"yoast_head":"<!-- This site is optimized with the Yoast SEO plugin v27.5 - https:\/\/yoast.com\/product\/yoast-seo-wordpress\/ -->\n<title>Photos - Hardloop Trail d&#039;Annecy-Les Glaisins<\/title>\n<meta name=\"robots\" content=\"index, follow, max-snippet:-1, max-image-preview:large, max-video-preview:-1\" \/>\n<link rel=\"canonical\" href=\"https:\/\/trailannecy.fr\/?page_id=473\" \/>\n<meta property=\"og:locale\" content=\"fr_FR\" \/>\n<meta property=\"og:type\" content=\"article\" \/>\n<meta property=\"og:title\" content=\"Photos - Hardloop Trail d&#039;Annecy-Les Glaisins\" \/>\n<meta property=\"og:description\" content=\"EDITION 2026 EDITION 2025 Cr\u00e9dit Photo : TORCHIO S\u00e9bastien (@Sebt Sebt) EDITION 2024 Cr\u00e9dit Photo : VINCENT Luc (@lucvctphoto) NB : Afin de valoriser et remercier le travail de notre \u00e9quipe, nous vous prions, en cas d&rsquo;utilisation de leurs photos sur vos r\u00e9seaux personnels, de bien vouloir mentionner le cr\u00e9dit de la photo utilis\u00e9e avec &hellip; Lire la suite de\u00ab\u00a0Photos\u00a0\u00bb\" \/>\n<meta property=\"og:url\" content=\"https:\/\/trailannecy.fr\/?page_id=473\" \/>\n<meta property=\"og:site_name\" content=\"Hardloop Trail d&#039;Annecy-Les Glaisins\" \/>\n<meta property=\"article:publisher\" content=\"https:\/\/www.facebook.com\/profile.php?id=100089244225554\" \/>\n<meta property=\"article:modified_time\" content=\"2026-04-13T09:09:47+00:00\" \/>\n<meta property=\"og:image\" content=\"https:\/\/trailannecy.fr\/wp-content\/uploads\/2024\/04\/Trail-des-Glaisins-Divers-19-scaled.jpg\" \/>\n\t<meta property=\"og:image:width\" content=\"2560\" \/>\n\t<meta property=\"og:image:height\" content=\"1707\" \/>\n\t<meta property=\"og:image:type\" content=\"image\/jpeg\" \/>\n<meta name=\"twitter:card\" content=\"summary_large_image\" \/>\n<meta name=\"twitter:label1\" content=\"Dur\u00e9e de lecture estim\u00e9e\" \/>\n\t<meta name=\"twitter:data1\" content=\"3 minutes\" \/>\n<script type=\"application\/ld+json\" class=\"yoast-schema-graph\">{\"@context\":\"https:\\\/\\\/schema.org\",\"@graph\":[{\"@type\":\"WebPage\",\"@id\":\"https:\\\/\\\/trailannecy.fr\\\/?page_id=473\",\"url\":\"https:\\\/\\\/trailannecy.fr\\\/?page_id=473\",\"name\":\"Photos - Hardloop Trail d&#039;Annecy-Les Glaisins\",\"isPartOf\":{\"@id\":\"https:\\\/\\\/trailannecy.fr\\\/#website\"},\"primaryImageOfPage\":{\"@id\":\"https:\\\/\\\/trailannecy.fr\\\/?page_id=473#primaryimage\"},\"image\":{\"@id\":\"https:\\\/\\\/trailannecy.fr\\\/?page_id=473#primaryimage\"},\"thumbnailUrl\":\"https:\\\/\\\/trailannecy.fr\\\/wp-content\\\/uploads\\\/2024\\\/04\\\/Trail-des-Glaisins-Divers-19-scaled.jpg\",\"datePublished\":\"2024-04-11T16:01:11+00:00\",\"dateModified\":\"2026-04-13T09:09:47+00:00\",\"breadcrumb\":{\"@id\":\"https:\\\/\\\/trailannecy.fr\\\/?page_id=473#breadcrumb\"},\"inLanguage\":\"fr-FR\",\"potentialAction\":[{\"@type\":\"ReadAction\",\"target\":[\"https:\\\/\\\/trailannecy.fr\\\/?page_id=473\"]}]},{\"@type\":\"ImageObject\",\"inLanguage\":\"fr-FR\",\"@id\":\"https:\\\/\\\/trailannecy.fr\\\/?page_id=473#primaryimage\",\"url\":\"https:\\\/\\\/trailannecy.fr\\\/wp-content\\\/uploads\\\/2024\\\/04\\\/Trail-des-Glaisins-Divers-19-scaled.jpg\",\"contentUrl\":\"https:\\\/\\\/trailannecy.fr\\\/wp-content\\\/uploads\\\/2024\\\/04\\\/Trail-des-Glaisins-Divers-19-scaled.jpg\",\"width\":2560,\"height\":1707},{\"@type\":\"BreadcrumbList\",\"@id\":\"https:\\\/\\\/trailannecy.fr\\\/?page_id=473#breadcrumb\",\"itemListElement\":[{\"@type\":\"ListItem\",\"position\":1,\"name\":\"Accueil\",\"item\":\"https:\\\/\\\/trailannecy.fr\\\/\"},{\"@type\":\"ListItem\",\"position\":2,\"name\":\"Photos\"}]},{\"@type\":\"WebSite\",\"@id\":\"https:\\\/\\\/trailannecy.fr\\\/#website\",\"url\":\"https:\\\/\\\/trailannecy.fr\\\/\",\"name\":\"Trail d'Annecy\",\"description\":\"9 courses - 2100 participants - 120 volontaires\",\"publisher\":{\"@id\":\"https:\\\/\\\/trailannecy.fr\\\/#organization\"},\"potentialAction\":[{\"@type\":\"SearchAction\",\"target\":{\"@type\":\"EntryPoint\",\"urlTemplate\":\"https:\\\/\\\/trailannecy.fr\\\/?s={search_term_string}\"},\"query-input\":{\"@type\":\"PropertyValueSpecification\",\"valueRequired\":true,\"valueName\":\"search_term_string\"}}],\"inLanguage\":\"fr-FR\"},{\"@type\":\"Organization\",\"@id\":\"https:\\\/\\\/trailannecy.fr\\\/#organization\",\"name\":\"Trail d'Annecy\",\"url\":\"https:\\\/\\\/trailannecy.fr\\\/\",\"logo\":{\"@type\":\"ImageObject\",\"inLanguage\":\"fr-FR\",\"@id\":\"https:\\\/\\\/trailannecy.fr\\\/#\\\/schema\\\/logo\\\/image\\\/\",\"url\":\"https:\\\/\\\/trailannecy.fr\\\/wp-content\\\/uploads\\\/2023\\\/04\\\/TRAIL-DANNECY-2.png\",\"contentUrl\":\"https:\\\/\\\/trailannecy.fr\\\/wp-content\\\/uploads\\\/2023\\\/04\\\/TRAIL-DANNECY-2.png\",\"width\":500,\"height\":500,\"caption\":\"Trail d'Annecy\"},\"image\":{\"@id\":\"https:\\\/\\\/trailannecy.fr\\\/#\\\/schema\\\/logo\\\/image\\\/\"},\"sameAs\":[\"https:\\\/\\\/www.facebook.com\\\/profile.php?id=100089244225554\",\"https:\\\/\\\/www.instagram.com\\\/trailannecy\\\/\"]}]}<\/script>\n<!-- \/ Yoast SEO plugin. -->","yoast_head_json":{"title":"Photos - Hardloop Trail d&#039;Annecy-Les Glaisins","robots":{"index":"index","follow":"follow","max-snippet":"max-snippet:-1","max-image-preview":"max-image-preview:large","max-video-preview":"max-video-preview:-1"},"canonical":"https:\/\/trailannecy.fr\/?page_id=473","og_locale":"fr_FR","og_type":"article","og_title":"Photos - Hardloop Trail d&#039;Annecy-Les Glaisins","og_description":"EDITION 2026 EDITION 2025 Cr\u00e9dit Photo : TORCHIO S\u00e9bastien (@Sebt Sebt) EDITION 2024 Cr\u00e9dit Photo : VINCENT Luc (@lucvctphoto) NB : Afin de valoriser et remercier le travail de notre \u00e9quipe, nous vous prions, en cas d&rsquo;utilisation de leurs photos sur vos r\u00e9seaux personnels, de bien vouloir mentionner le cr\u00e9dit de la photo utilis\u00e9e avec &hellip; Lire la suite de\u00ab\u00a0Photos\u00a0\u00bb","og_url":"https:\/\/trailannecy.fr\/?page_id=473","og_site_name":"Hardloop Trail d&#039;Annecy-Les Glaisins","article_publisher":"https:\/\/www.facebook.com\/profile.php?id=100089244225554","article_modified_time":"2026-04-13T09:09:47+00:00","og_image":[{"width":2560,"height":1707,"url":"https:\/\/trailannecy.fr\/wp-content\/uploads\/2024\/04\/Trail-des-Glaisins-Divers-19-scaled.jpg","type":"image\/jpeg"}],"twitter_card":"summary_large_image","twitter_misc":{"Dur\u00e9e de lecture estim\u00e9e":"3 minutes"},"schema":{"@context":"https:\/\/schema.org","@graph":[{"@type":"WebPage","@id":"https:\/\/trailannecy.fr\/?page_id=473","url":"https:\/\/trailannecy.fr\/?page_id=473","name":"Photos - Hardloop Trail d&#039;Annecy-Les Glaisins","isPartOf":{"@id":"https:\/\/trailannecy.fr\/#website"},"primaryImageOfPage":{"@id":"https:\/\/trailannecy.fr\/?page_id=473#primaryimage"},"image":{"@id":"https:\/\/trailannecy.fr\/?page_id=473#primaryimage"},"thumbnailUrl":"https:\/\/trailannecy.fr\/wp-content\/uploads\/2024\/04\/Trail-des-Glaisins-Divers-19-scaled.jpg","datePublished":"2024-04-11T16:01:11+00:00","dateModified":"2026-04-13T09:09:47+00:00","breadcrumb":{"@id":"https:\/\/trailannecy.fr\/?page_id=473#breadcrumb"},"inLanguage":"fr-FR","potentialAction":[{"@type":"ReadAction","target":["https:\/\/trailannecy.fr\/?page_id=473"]}]},{"@type":"ImageObject","inLanguage":"fr-FR","@id":"https:\/\/trailannecy.fr\/?page_id=473#primaryimage","url":"https:\/\/trailannecy.fr\/wp-content\/uploads\/2024\/04\/Trail-des-Glaisins-Divers-19-scaled.jpg","contentUrl":"https:\/\/trailannecy.fr\/wp-content\/uploads\/2024\/04\/Trail-des-Glaisins-Divers-19-scaled.jpg","width":2560,"height":1707},{"@type":"BreadcrumbList","@id":"https:\/\/trailannecy.fr\/?page_id=473#breadcrumb","itemListElement":[{"@type":"ListItem","position":1,"name":"Accueil","item":"https:\/\/trailannecy.fr\/"},{"@type":"ListItem","position":2,"name":"Photos"}]},{"@type":"WebSite","@id":"https:\/\/trailannecy.fr\/#website","url":"https:\/\/trailannecy.fr\/","name":"Trail d'Annecy","description":"9 courses - 2100 participants - 120 volontaires","publisher":{"@id":"https:\/\/trailannecy.fr\/#organization"},"potentialAction":[{"@type":"SearchAction","target":{"@type":"EntryPoint","urlTemplate":"https:\/\/trailannecy.fr\/?s={search_term_string}"},"query-input":{"@type":"PropertyValueSpecification","valueRequired":true,"valueName":"search_term_string"}}],"inLanguage":"fr-FR"},{"@type":"Organization","@id":"https:\/\/trailannecy.fr\/#organization","name":"Trail d'Annecy","url":"https:\/\/trailannecy.fr\/","logo":{"@type":"ImageObject","inLanguage":"fr-FR","@id":"https:\/\/trailannecy.fr\/#\/schema\/logo\/image\/","url":"https:\/\/trailannecy.fr\/wp-content\/uploads\/2023\/04\/TRAIL-DANNECY-2.png","contentUrl":"https:\/\/trailannecy.fr\/wp-content\/uploads\/2023\/04\/TRAIL-DANNECY-2.png","width":500,"height":500,"caption":"Trail d'Annecy"},"image":{"@id":"https:\/\/trailannecy.fr\/#\/schema\/logo\/image\/"},"sameAs":["https:\/\/www.facebook.com\/profile.php?id=100089244225554","https:\/\/www.instagram.com\/trailannecy\/"]}]}},"_links":{"self":[{"href":"https:\/\/trailannecy.fr\/index.php?rest_route=\/wp\/v2\/pages\/473","targetHints":{"allow":["GET"]}}],"collection":[{"href":"https:\/\/trailannecy.fr\/index.php?rest_route=\/wp\/v2\/pages"}],"about":[{"href":"https:\/\/trailannecy.fr\/index.php?rest_route=\/wp\/v2\/types\/page"}],"author":[{"embeddable":true,"href":"https:\/\/trailannecy.fr\/index.php?rest_route=\/wp\/v2\/users\/1"}],"replies":[{"embeddable":true,"href":"https:\/\/trailannecy.fr\/index.php?rest_route=%2Fwp%2Fv2%2Fcomments&post=473"}],"version-history":[{"count":30,"href":"https:\/\/trailannecy.fr\/index.php?rest_route=\/wp\/v2\/pages\/473\/revisions"}],"predecessor-version":[{"id":932,"href":"https:\/\/trailannecy.fr\/index.php?rest_route=\/wp\/v2\/pages\/473\/revisions\/932"}],"wp:featuredmedia":[{"embeddable":true,"href":"https:\/\/trailannecy.fr\/index.php?rest_route=\/wp\/v2\/media\/483"}],"wp:attachment":[{"href":"https:\/\/trailannecy.fr\/index.php?rest_route=%2Fwp%2Fv2%2Fmedia&parent=473"}],"curies":[{"name":"wp","href":"https:\/\/api.w.org\/{rel}","templated":true}]}}